{"id":740,"date":"2023-05-25T11:19:24","date_gmt":"2023-05-25T11:19:24","guid":{"rendered":"http:\/\/concilians.com\/propuestas\/"},"modified":"2024-11-22T12:24:32","modified_gmt":"2024-11-22T12:24:32","slug":"propuestas","status":"publish","type":"page","link":"https:\/\/concilians.com\/es\/propuestas\/","title":{"rendered":"Propuestas"},"content":{"rendered":"\n<div class=\"wp-block-cover alignfull is-style-default\" style=\"padding-top:120px;padding-bottom:90px;min-height:100vh;aspect-ratio:unset;\"><span aria-hidden=\"true\" class=\"wp-block-cover__background has-background-dim-40 has-background-dim\" style=\"background-color:#1b2219\"><\/span><img loading=\"lazy\" decoding=\"async\" width=\"2200\" height=\"1453\" class=\"wp-block-cover__image-background wp-image-1717\" alt=\"\" src=\"https:\/\/concilians.com\/wp-content\/uploads\/2024\/10\/pinguinos.jpg\" data-object-fit=\"cover\" srcset=\"https:\/\/concilians.com\/wp-content\/uploads\/2024\/10\/pinguinos.jpg 2200w, https:\/\/concilians.com\/wp-content\/uploads\/2024\/10\/pinguinos-300x198.jpg 300w, https:\/\/concilians.com\/wp-content\/uploads\/2024\/10\/pinguinos-1024x676.jpg 1024w, https:\/\/concilians.com\/wp-content\/uploads\/2024\/10\/pinguinos-768x507.jpg 768w, https:\/\/concilians.com\/wp-content\/uploads\/2024\/10\/pinguinos-1536x1014.jpg 1536w, https:\/\/concilians.com\/wp-content\/uploads\/2024\/10\/pinguinos-2048x1353.jpg 2048w\" sizes=\"auto, (max-width: 2200px) 100vw, 2200px\" \/><div class=\"wp-block-cover__inner-container is-layout-flow wp-block-cover-is-layout-flow\"><div class=\"alignwide-wrap\" data-block=\"columns\">\n<div class=\"wp-block-columns alignwide\">\n<div class=\"wp-block-column is-vertically-aligned-center is-style-default\" style=\"padding-top:0;padding-right:0;padding-bottom:0;padding-left:0;flex-basis:100%\">\n<h1 class=\"wp-block-heading max-w-800 init-sentence has-primary-color has-text-color has-heading-2-font-size\" style=\"padding-bottom:var(--wp--preset--spacing--40)\"><strong>Concilians<\/strong><br>te acompa\u00f1a en<br>los momentos<br>de controversia<\/h1>\n\n\n\n<div class=\"wp-block-buttons is-layout-flex wp-block-buttons-is-layout-flex\">\n<div class=\"wp-block-button has-custom-width wp-block-button__width-25 has-custom-font-size is-style-fill\" style=\"font-size:16px\"><a class=\"wp-block-button__link has-tertiary-color has-primary-background-color has-text-color has-background wp-element-button\" href=\"https:\/\/concilians.com\/es\/contacto\/\" style=\"border-radius:500px;padding-top:var(--wp--preset--spacing--40);padding-right:var(--wp--preset--spacing--40);padding-bottom:var(--wp--preset--spacing--40);padding-left:var(--wp--preset--spacing--40)\">\u00bfCooperamos juntos?<\/a><\/div>\n<\/div>\n<\/div>\n<\/div>\n<\/div><\/div><\/div>\n\n\n\n<div class=\"wp-block-group alignfull has-gray-100-color has-tertiary-background-color has-text-color has-background\" id=\"welcome\" style=\"padding-top:120px;padding-bottom:90px\"><div class=\"wp-block-group__inner-container is-layout-flow wp-block-group-is-layout-flow\"><div class=\"alignwide-wrap\" data-block=\"columns\">\n<div class=\"wp-block-columns alignwide are-vertically-aligned-center is-style-default\" style=\"padding-top:0;padding-right:0;padding-bottom:0;padding-left:0\">\n<div class=\"wp-block-column is-vertically-aligned-center\" style=\"padding-right:var(--wp--preset--spacing--50)\">\n<hr class=\"wp-block-separator has-text-color has-primary-color has-alpha-channel-opacity has-primary-background-color has-background is-style-wide\"\/>\n\n\n\n<h2 class=\"wp-block-heading has-primary-color has-text-color has-heading-3-font-size\" style=\"padding-top:var(--wp--preset--spacing--30);padding-bottom:var(--wp--preset--spacing--30)\">\u00bfPor qu\u00e9 es necesaria la Mediaci\u00f3n a las empresas?<\/h2>\n\n\n\n<hr class=\"wp-block-separator has-text-color has-primary-color has-alpha-channel-opacity has-primary-background-color has-background is-style-wide\"\/>\n<\/div>\n\n\n\n<div class=\"wp-block-column is-vertically-aligned-center has-mobile-mt has-secondary-color has-text-color\" style=\"padding-left:0\">\n<p class=\"font-weight-300 letter-spacing has-primary-color has-text-color\">Para atraer y fidelizar el talento, favorecer un liderazgo a trav\u00e9s de los valores, mejorar la gesti\u00f3n de equipos y resultados, prevenir y detectar casos de acoso, de aislamiento o de fugas de talentos, mejorar el clima laboral y gestionar de manera eficiente situaciones de crisis que puedan surgir.<\/p>\n\n\n\n<p class=\"font-weight-300 letter-spacing has-primary-color has-text-color\">La prevenci\u00f3n puede ser una gran aliada. En Concilians ofrecemos formaci\u00f3n a las organizaciones para evitar que las controversias sucedan. En este caso, formamos a las personas que forman parte de ella, directivos y empleados.<\/p>\n<\/div>\n<\/div>\n<\/div><\/div><\/div>\n\n\n\n<div class=\"wp-block-group alignfull custom-list-style has-tertiary-color has-gray-100-background-color has-text-color has-background\" style=\"padding-top:90px;padding-bottom:90px\"><div class=\"wp-block-group__inner-container is-layout-constrained wp-block-group-is-layout-constrained\"><div class=\"alignwide-wrap\" data-block=\"columns\">\n<div class=\"wp-block-columns alignwide\" style=\"padding-top:0;padding-bottom:var(--wp--preset--spacing--60)\">\n<div class=\"wp-block-column\">\n<h2 class=\"wp-block-heading has-xxl-font-size\">Cuando existan controversias<\/h2>\n\n\n\n<div style=\"height:50px\" aria-hidden=\"true\" class=\"wp-block-spacer\"><\/div>\n\n\n\n<ul class=\"wp-block-list font-weight-300 letter-spacing\">\n<li>Con otras empresas o terceros<\/li>\n\n\n\n<li class=\"font-weight-300 letter-spacing\">Entre socios y socias y\/o miembros del Consejo<\/li>\n\n\n\n<li>Entre empresas del grupo o sus filiales<\/li>\n\n\n\n<li>Entre los directivos, los departamentos<\/li>\n\n\n\n<li>Entre la direcci\u00f3n y el personal<\/li>\n\n\n\n<li>Entre el personal<\/li>\n<\/ul>\n<\/div>\n\n\n\n<div class=\"wp-block-column has-mobile-mt\">\n<h2 class=\"wp-block-heading has-xxl-font-size\">Algunos indicadores internos<\/h2>\n\n\n\n<div style=\"height:50px\" aria-hidden=\"true\" class=\"wp-block-spacer\"><\/div>\n\n\n\n<ul class=\"wp-block-list font-weight-300 letter-spacing\">\n<li>Disputas organizativas<\/li>\n\n\n\n<li>Falta de cooperaci\u00f3n en los equipos de trabajo<\/li>\n\n\n\n<li>Excesiva rotaci\u00f3n y\/o absentismo alto<\/li>\n\n\n\n<li>Falta de motivaci\u00f3n<\/li>\n\n\n\n<li>Posibles comportamientes de abuso y\/o acoso<\/li>\n\n\n\n<li>Posible falta de equidad<\/li>\n\n\n\n<li>Deterioro del clima laboral<\/li>\n<\/ul>\n<\/div>\n<\/div>\n<\/div>\n\n<div class=\"alignwide-wrap\" data-block=\"separator\">\n<hr class=\"wp-block-separator alignwide has-text-color has-tertiary-color has-alpha-channel-opacity has-tertiary-background-color has-background is-style-wide\"\/>\n<\/div>\n\n<div class=\"alignwide-wrap\" data-block=\"columns\">\n<div class=\"wp-block-columns alignwide\" style=\"padding-top:var(--wp--preset--spacing--60);padding-bottom:var(--wp--preset--spacing--30)\">\n<div class=\"wp-block-column has-mobile-mt\">\n<h2 class=\"wp-block-heading has-xxl-font-size\">O cuando se necesite<\/h2>\n\n\n\n<div style=\"height:50px\" aria-hidden=\"true\" class=\"wp-block-spacer\"><\/div>\n\n\n\n<ul class=\"wp-block-list font-weight-300 letter-spacing\">\n<li>Gestionar de forma eficiente situaciones de crisis<\/li>\n\n\n\n<li>Favorecer el liderazgo a trav\u00e9s de los valores<\/li>\n\n\n\n<li>Consolidar la marca corporativa<\/li>\n\n\n\n<li>Fidelizar y atraer el talento<\/li>\n\n\n\n<li>Mejorar la gesti\u00f3n de los equipos y resultados<\/li>\n\n\n\n<li>Prevenir y detectar casos de acoso<\/li>\n\n\n\n<li>Mejorar el clima laboral<\/li>\n<\/ul>\n<\/div>\n\n\n\n<div class=\"wp-block-column has-mobile-mt\">\n<h2 class=\"wp-block-heading has-xxl-font-size\">Otros servicios que podemos ofrecer<\/h2>\n\n\n\n<div style=\"height:50px\" aria-hidden=\"true\" class=\"wp-block-spacer\"><\/div>\n\n\n\n<ul class=\"wp-block-list font-weight-300 letter-spacing\">\n<li>Mentor\u00eda y Coaching<\/li>\n\n\n\n<li>Formaci\u00f3n de los equipos en mediaci\u00f3n<\/li>\n\n\n\n<li>Espacios de comunicaci\u00f3n<\/li>\n\n\n\n<li>C\u00f3digo \u00e9tico, Valores e igualdad<\/li>\n\n\n\n<li>Protocolos de gesti\u00f3n de conflictos<\/li>\n\n\n\n<li>Pactos de empresa, individuales y colectivos<\/li>\n\n\n\n<li>Arbitrajes de equidad<\/li>\n\n\n\n<li>Gesti\u00f3n del canal de denuncias \u00abwhistleblowing\u00bb<\/li>\n<\/ul>\n<\/div>\n<\/div>\n<\/div><\/div><\/div>\n\n\n\n<div class=\"wp-block-group alignfull has-primary-background-color has-background\" style=\"padding-top:90px;padding-bottom:90px\"><div class=\"wp-block-group__inner-container is-layout-flow wp-block-group-is-layout-flow\">\n<h2 class=\"wp-block-heading has-text-align-center is-style-default has-heading-3-font-size\" style=\"padding-bottom:var(--wp--preset--spacing--30)\">\u2018M\u00e1s vale prevenir<br>que curar\u2019<\/h2>\n\n\n\n<p class=\"has-text-align-center font-weight-300 letter-spacing max-w-500\">Fomentamos una atm\u00f3sfera basada en el acuerdo, donde los objetivos de cada persona est\u00e9n totalmente alineados.<\/p>\n\n\n\n<div class=\"wp-block-buttons is-content-justification-center is-layout-flex wp-container-core-buttons-is-layout-16018d1d wp-block-buttons-is-layout-flex\">\n<div class=\"wp-block-button has-custom-width wp-block-button__width-75 has-custom-font-size is-style-fill\" style=\"font-size:16px\"><a class=\"wp-block-button__link has-primary-color has-tertiary-background-color has-text-color has-background wp-element-button\" href=\"https:\/\/concilians.com\/es\/contacto\/\" style=\"border-radius:500px;padding-top:var(--wp--preset--spacing--40);padding-right:var(--wp--preset--spacing--40);padding-bottom:var(--wp--preset--spacing--40);padding-left:var(--wp--preset--spacing--40)\">Contacta con nosotros<\/a><\/div>\n<\/div>\n<\/div><\/div>\n","protected":false},"excerpt":{"rendered":"<div class=\"entry-summary\">\n\u00bfPor qu\u00e9 es necesaria la Mediaci\u00f3n a las empresas? Para atraer y fidelizar el talento, favorecer un liderazgo a trav\u00e9s de los valores, mejorar la gesti\u00f3n de equipos y resultados, prevenir y&hellip;\n<\/div>\n<div class=\"link-more-container\"><a href=\"https:\/\/concilians.com\/es\/propuestas\/\" class=\"link-more button\" aria-label=\"Continue reading Propuestas\">Continue reading&hellip;<\/a><\/div>\n","protected":false},"author":1,"featured_media":0,"parent":0,"menu_order":25,"comment_status":"closed","ping_status":"closed","template":"","meta":{"footnotes":""},"class_list":["post-740","page","type-page","status-publish","hentry","entry","entry-type-page"],"yoast_head":"<!-- This site is optimized with the Yoast SEO plugin v21.2 - https:\/\/yoast.com\/wordpress\/plugins\/seo\/ -->\n<title>Propuestas - Concilians<\/title>\n<meta name=\"robots\" content=\"index, follow, max-snippet:-1, max-image-preview:large, max-video-preview:-1\" \/>\n<link rel=\"canonical\" href=\"https:\/\/concilians.com\/es\/propuestas\/\" \/>\n<meta property=\"og:locale\" content=\"es_ES\" \/>\n<meta property=\"og:type\" content=\"article\" \/>\n<meta property=\"og:title\" content=\"Propuestas - Concilians\" \/>\n<meta property=\"og:description\" content=\"\u00bfPor qu\u00e9 es necesaria la Mediaci\u00f3n a las empresas? Para atraer y fidelizar el talento, favorecer un liderazgo a trav\u00e9s de los valores, mejorar la gesti\u00f3n de equipos y resultados, prevenir y&hellip; Continue reading&hellip;\" \/>\n<meta property=\"og:url\" content=\"https:\/\/concilians.com\/es\/propuestas\/\" \/>\n<meta property=\"og:site_name\" content=\"Concilians\" \/>\n<meta property=\"article:modified_time\" content=\"2024-11-22T12:24:32+00:00\" \/>\n<meta property=\"og:image\" content=\"https:\/\/concilians.com\/wp-content\/uploads\/2024\/10\/pinguinos.jpg\" \/>\n<meta name=\"twitter:card\" content=\"summary_large_image\" \/>\n<meta name=\"twitter:label1\" content=\"Tiempo de lectura\" \/>\n\t<meta name=\"twitter:data1\" content=\"2 minutos\" \/>\n<script type=\"application\/ld+json\" class=\"yoast-schema-graph\">{\"@context\":\"https:\/\/schema.org\",\"@graph\":[{\"@type\":\"WebPage\",\"@id\":\"https:\/\/concilians.com\/es\/propuestas\/\",\"url\":\"https:\/\/concilians.com\/es\/propuestas\/\",\"name\":\"Propuestas - Concilians\",\"isPartOf\":{\"@id\":\"https:\/\/concilians.com\/es\/#website\"},\"datePublished\":\"2023-05-25T11:19:24+00:00\",\"dateModified\":\"2024-11-22T12:24:32+00:00\",\"breadcrumb\":{\"@id\":\"https:\/\/concilians.com\/es\/propuestas\/#breadcrumb\"},\"inLanguage\":\"es\",\"potentialAction\":[{\"@type\":\"ReadAction\",\"target\":[\"https:\/\/concilians.com\/es\/propuestas\/\"]}]},{\"@type\":\"BreadcrumbList\",\"@id\":\"https:\/\/concilians.com\/es\/propuestas\/#breadcrumb\",\"itemListElement\":[{\"@type\":\"ListItem\",\"position\":1,\"name\":\"Inici\",\"item\":\"https:\/\/concilians.com\/es\/\"},{\"@type\":\"ListItem\",\"position\":2,\"name\":\"Propuestas\"}]},{\"@type\":\"WebSite\",\"@id\":\"https:\/\/concilians.com\/es\/#website\",\"url\":\"https:\/\/concilians.com\/es\/\",\"name\":\"Concilians\",\"description\":\"\",\"publisher\":{\"@id\":\"https:\/\/concilians.com\/es\/#organization\"},\"potentialAction\":[{\"@type\":\"SearchAction\",\"target\":{\"@type\":\"EntryPoint\",\"urlTemplate\":\"https:\/\/concilians.com\/es\/?s={search_term_string}\"},\"query-input\":\"required name=search_term_string\"}],\"inLanguage\":\"es\"},{\"@type\":\"Organization\",\"@id\":\"https:\/\/concilians.com\/es\/#organization\",\"name\":\"Concilians\",\"url\":\"https:\/\/concilians.com\/es\/\",\"logo\":{\"@type\":\"ImageObject\",\"inLanguage\":\"es\",\"@id\":\"https:\/\/concilians.com\/es\/#\/schema\/logo\/image\/\",\"url\":\"https:\/\/concilians.com\/wp-content\/uploads\/2023\/05\/Group-2.png\",\"contentUrl\":\"https:\/\/concilians.com\/wp-content\/uploads\/2023\/05\/Group-2.png\",\"width\":484,\"height\":86,\"caption\":\"Concilians\"},\"image\":{\"@id\":\"https:\/\/concilians.com\/es\/#\/schema\/logo\/image\/\"}}]}<\/script>\n<!-- \/ Yoast SEO plugin. -->","yoast_head_json":{"title":"Propuestas - Concilians","robots":{"index":"index","follow":"follow","max-snippet":"max-snippet:-1","max-image-preview":"max-image-preview:large","max-video-preview":"max-video-preview:-1"},"canonical":"https:\/\/concilians.com\/es\/propuestas\/","og_locale":"es_ES","og_type":"article","og_title":"Propuestas - Concilians","og_description":"\u00bfPor qu\u00e9 es necesaria la Mediaci\u00f3n a las empresas? Para atraer y fidelizar el talento, favorecer un liderazgo a trav\u00e9s de los valores, mejorar la gesti\u00f3n de equipos y resultados, prevenir y&hellip; Continue reading&hellip;","og_url":"https:\/\/concilians.com\/es\/propuestas\/","og_site_name":"Concilians","article_modified_time":"2024-11-22T12:24:32+00:00","og_image":[{"url":"https:\/\/concilians.com\/wp-content\/uploads\/2024\/10\/pinguinos.jpg"}],"twitter_card":"summary_large_image","twitter_misc":{"Tiempo de lectura":"2 minutos"},"schema":{"@context":"https:\/\/schema.org","@graph":[{"@type":"WebPage","@id":"https:\/\/concilians.com\/es\/propuestas\/","url":"https:\/\/concilians.com\/es\/propuestas\/","name":"Propuestas - Concilians","isPartOf":{"@id":"https:\/\/concilians.com\/es\/#website"},"datePublished":"2023-05-25T11:19:24+00:00","dateModified":"2024-11-22T12:24:32+00:00","breadcrumb":{"@id":"https:\/\/concilians.com\/es\/propuestas\/#breadcrumb"},"inLanguage":"es","potentialAction":[{"@type":"ReadAction","target":["https:\/\/concilians.com\/es\/propuestas\/"]}]},{"@type":"BreadcrumbList","@id":"https:\/\/concilians.com\/es\/propuestas\/#breadcrumb","itemListElement":[{"@type":"ListItem","position":1,"name":"Inici","item":"https:\/\/concilians.com\/es\/"},{"@type":"ListItem","position":2,"name":"Propuestas"}]},{"@type":"WebSite","@id":"https:\/\/concilians.com\/es\/#website","url":"https:\/\/concilians.com\/es\/","name":"Concilians","description":"","publisher":{"@id":"https:\/\/concilians.com\/es\/#organization"},"potentialAction":[{"@type":"SearchAction","target":{"@type":"EntryPoint","urlTemplate":"https:\/\/concilians.com\/es\/?s={search_term_string}"},"query-input":"required name=search_term_string"}],"inLanguage":"es"},{"@type":"Organization","@id":"https:\/\/concilians.com\/es\/#organization","name":"Concilians","url":"https:\/\/concilians.com\/es\/","logo":{"@type":"ImageObject","inLanguage":"es","@id":"https:\/\/concilians.com\/es\/#\/schema\/logo\/image\/","url":"https:\/\/concilians.com\/wp-content\/uploads\/2023\/05\/Group-2.png","contentUrl":"https:\/\/concilians.com\/wp-content\/uploads\/2023\/05\/Group-2.png","width":484,"height":86,"caption":"Concilians"},"image":{"@id":"https:\/\/concilians.com\/es\/#\/schema\/logo\/image\/"}}]}},"_links":{"self":[{"href":"https:\/\/concilians.com\/es\/wp-json\/wp\/v2\/pages\/740","targetHints":{"allow":["GET"]}}],"collection":[{"href":"https:\/\/concilians.com\/es\/wp-json\/wp\/v2\/pages"}],"about":[{"href":"https:\/\/concilians.com\/es\/wp-json\/wp\/v2\/types\/page"}],"author":[{"embeddable":true,"href":"https:\/\/concilians.com\/es\/wp-json\/wp\/v2\/users\/1"}],"replies":[{"embeddable":true,"href":"https:\/\/concilians.com\/es\/wp-json\/wp\/v2\/comments?post=740"}],"version-history":[{"count":20,"href":"https:\/\/concilians.com\/es\/wp-json\/wp\/v2\/pages\/740\/revisions"}],"predecessor-version":[{"id":2081,"href":"https:\/\/concilians.com\/es\/wp-json\/wp\/v2\/pages\/740\/revisions\/2081"}],"wp:attachment":[{"href":"https:\/\/concilians.com\/es\/wp-json\/wp\/v2\/media?parent=740"}],"curies":[{"name":"wp","href":"https:\/\/api.w.org\/{rel}","templated":true}]}}