{"id":734,"date":"2023-05-25T07:12:41","date_gmt":"2023-05-25T07:12:41","guid":{"rendered":"http:\/\/concilians.com\/nosotros\/"},"modified":"2025-12-12T14:54:27","modified_gmt":"2025-12-12T14:54:27","slug":"nosotros","status":"publish","type":"page","link":"https:\/\/concilians.com\/es\/nosotros\/","title":{"rendered":"Nosotros"},"content":{"rendered":"\n<div class=\"wp-block-cover alignfull is-style-default\" style=\"padding-top:120px;padding-bottom:90px;min-height:100vh;aspect-ratio:unset;\"><img loading=\"lazy\" decoding=\"async\" width=\"2200\" height=\"1467\" class=\"wp-block-cover__image-background wp-image-1722\" alt=\"\" src=\"https:\/\/concilians.com\/wp-content\/uploads\/2024\/10\/zebras-1.jpg\" data-object-fit=\"cover\" srcset=\"https:\/\/concilians.com\/wp-content\/uploads\/2024\/10\/zebras-1.jpg 2200w, https:\/\/concilians.com\/wp-content\/uploads\/2024\/10\/zebras-1-300x200.jpg 300w, https:\/\/concilians.com\/wp-content\/uploads\/2024\/10\/zebras-1-1024x683.jpg 1024w, https:\/\/concilians.com\/wp-content\/uploads\/2024\/10\/zebras-1-768x512.jpg 768w, https:\/\/concilians.com\/wp-content\/uploads\/2024\/10\/zebras-1-1536x1024.jpg 1536w, https:\/\/concilians.com\/wp-content\/uploads\/2024\/10\/zebras-1-2048x1366.jpg 2048w\" sizes=\"auto, (max-width: 2200px) 100vw, 2200px\" \/><span aria-hidden=\"true\" class=\"wp-block-cover__background has-background-dim-40 has-background-dim\" style=\"background-color:#1b2219\"><\/span><div class=\"wp-block-cover__inner-container is-layout-flow wp-block-cover-is-layout-flow\"><div class=\"alignwide-wrap\" data-block=\"columns\">\n<div class=\"wp-block-columns alignwide\">\n<div class=\"wp-block-column is-vertically-aligned-center is-style-default\" style=\"padding-top:0;padding-right:0;padding-bottom:0;padding-left:0;flex-basis:100%\">\n<h1 class=\"wp-block-heading max-w-800 init-sentence has-primary-color has-text-color has-heading-2-font-size\" style=\"padding-bottom:var(--wp--preset--spacing--40)\"><strong>Controversia<\/strong>: f.<br>Discusi\u00f3n de opiniones<br>contrapuestas<br>entre dos o m\u00e1s<br>personas.<\/h1>\n\n\n\n<div class=\"wp-block-buttons is-layout-flex wp-block-buttons-is-layout-flex\">\n<div class=\"wp-block-button has-custom-width wp-block-button__width-25 is-style-fill\"><a class=\"wp-block-button__link has-tertiary-color has-primary-background-color has-text-color has-background has-custom-font-size wp-element-button\" href=\"https:\/\/concilians.com\/es\/contacto\/\" style=\"border-radius:500px;padding-top:var(--wp--preset--spacing--40);padding-right:var(--wp--preset--spacing--40);padding-bottom:var(--wp--preset--spacing--40);padding-left:var(--wp--preset--spacing--40);font-size:16px\">\u00bfCooperamos juntos?<\/a><\/div>\n<\/div>\n<\/div>\n<\/div>\n<\/div><\/div><\/div>\n\n\n\n<div class=\"wp-block-group alignfull has-tertiary-color has-gray-100-background-color has-text-color has-background\" id=\"welcome\" style=\"padding-top:90px;padding-bottom:90px\"><div class=\"wp-block-group__inner-container is-layout-flow wp-block-group-is-layout-flow\"><div class=\"alignwide-wrap\" data-block=\"columns\">\n<div class=\"wp-block-columns alignwide\">\n<div class=\"wp-block-column max-w-800\">\n<h2 class=\"wp-block-heading has-text-align-center has-xxxl-font-size\" style=\"padding-bottom:var(--wp--preset--spacing--30)\">Socios fundadores de Concilians<br>Nat\u00e0lia y Luis<br><\/h2>\n\n\n\n<hr class=\"wp-block-separator has-text-color has-secondary-color has-alpha-channel-opacity has-secondary-background-color has-background is-style-wide\"\/>\n\n\n\n<h2 class=\"wp-block-heading has-text-align-center has-secondary-color has-text-color has-xxxl-font-size\" style=\"padding-top:var(--wp--preset--spacing--30);padding-bottom:var(--wp--preset--spacing--30)\">La mediaci\u00f3n ha estado en el centro<br>de nuestras carreras profesionales<br><\/h2>\n\n\n\n<hr class=\"wp-block-separator has-text-color has-secondary-color has-alpha-channel-opacity has-secondary-background-color has-background is-style-wide\"\/>\n\n\n\n<h2 class=\"wp-block-heading has-text-align-center has-xxxl-font-size\" style=\"padding-top:var(--wp--preset--spacing--30)\">&#8216;Somos un equipo de profesionales provenientes de sectores diferentes, inherentes al mundo de la empresa.<br><br>Compartimos una visi\u00f3n com\u00fan:<br>el di\u00e1logo desde la humildad, la escucha activa, as\u00ed como la b\u00fasqueda de soluciones.&#8217;<\/h2>\n<\/div>\n<\/div>\n<\/div><\/div><\/div>\n\n\n\n<div class=\"wp-block-group alignfull linkedin-layout has-background\" style=\"background:linear-gradient(90deg,rgb(216,227,159) 50%,rgb(106,135,186) 50%);padding-top:90px;padding-bottom:90px\"><div class=\"wp-block-group__inner-container is-layout-flow wp-block-group-is-layout-flow\"><div class=\"alignwide-wrap\" data-block=\"columns\">\n<div class=\"wp-block-columns alignwide\" style=\"padding-top:0;padding-right:0;padding-bottom:0;padding-left:0\">\n<div class=\"wp-block-column\">\n<div class=\"wp-block-columns are-vertically-aligned-center\">\n<div class=\"wp-block-column is-vertically-aligned-center\" style=\"flex-basis:33.33%\">\n<figure class=\"wp-block-image size-full thumbnail-image\"><img loading=\"lazy\" decoding=\"async\" width=\"500\" height=\"500\" src=\"https:\/\/concilians.com\/wp-content\/uploads\/2025\/12\/CONCILIANS_ANADEPAULA12735-copia.png\" alt=\"\" class=\"wp-image-2117\" srcset=\"https:\/\/concilians.com\/wp-content\/uploads\/2025\/12\/CONCILIANS_ANADEPAULA12735-copia.png 500w, https:\/\/concilians.com\/wp-content\/uploads\/2025\/12\/CONCILIANS_ANADEPAULA12735-copia-300x300.png 300w, https:\/\/concilians.com\/wp-content\/uploads\/2025\/12\/CONCILIANS_ANADEPAULA12735-copia-150x150.png 150w\" sizes=\"auto, (max-width: 500px) 100vw, 500px\" \/><\/figure>\n<\/div>\n\n\n\n<div class=\"wp-block-column is-vertically-aligned-center about-column\" style=\"flex-basis:66.66%\">\n<div class=\"wp-block-columns\">\n<div class=\"wp-block-column is-vertically-aligned-center\">\n<hr class=\"wp-block-separator has-text-color has-tertiary-color has-alpha-channel-opacity has-tertiary-background-color has-background is-style-wide\"\/>\n\n\n\n<h2 class=\"wp-block-heading\" style=\"padding-top:0.6rem;padding-bottom:0.6rem;font-size:23px\">Ana Mendoza<\/h2>\n\n\n\n<hr class=\"wp-block-separator has-text-color has-tertiary-color has-alpha-channel-opacity has-tertiary-background-color has-background is-style-wide\"\/>\n<\/div>\n\n\n\n<div class=\"wp-block-column\">\n<figure class=\"wp-block-image size-full is-resized li-logo\"><a href=\"https:\/\/www.linkedin.com\/in\/luis-cano-concilians\/\" target=\"_blank\" rel=\"noreferrer noopener\"><img loading=\"lazy\" decoding=\"async\" width=\"70\" height=\"70\" src=\"http:\/\/concilians.com\/wp-content\/uploads\/2023\/05\/Frame.png\" alt=\"\" class=\"wp-image-314\" style=\"width:40px;height:undefinedpx\"\/><\/a><\/figure>\n<\/div>\n<\/div>\n\n\n\n<h2 class=\"wp-block-heading letter-spacing max-w-300 about-quote has-l-font-size\" style=\"padding-top:var(--wp--preset--spacing--30)\">Mediadora<br>Abogada<\/h2>\n<\/div>\n<\/div>\n<\/div>\n\n\n\n<div class=\"wp-block-column\" style=\"padding-top:0;padding-right:0;padding-bottom:0;padding-left:var(--wp--preset--spacing--50)\">\n<div class=\"wp-block-columns are-vertically-aligned-center\">\n<div class=\"wp-block-column is-vertically-aligned-center\" style=\"flex-basis:33.33%\">\n<figure class=\"wp-block-image size-full thumbnail-image\"><img loading=\"lazy\" decoding=\"async\" width=\"500\" height=\"500\" src=\"https:\/\/concilians.com\/wp-content\/uploads\/2025\/12\/CONCILIANS_ANADEPAULA12762-copia.png\" alt=\"\" class=\"wp-image-2122\" srcset=\"https:\/\/concilians.com\/wp-content\/uploads\/2025\/12\/CONCILIANS_ANADEPAULA12762-copia.png 500w, https:\/\/concilians.com\/wp-content\/uploads\/2025\/12\/CONCILIANS_ANADEPAULA12762-copia-300x300.png 300w, https:\/\/concilians.com\/wp-content\/uploads\/2025\/12\/CONCILIANS_ANADEPAULA12762-copia-150x150.png 150w\" sizes=\"auto, (max-width: 500px) 100vw, 500px\" \/><\/figure>\n<\/div>\n\n\n\n<div class=\"wp-block-column is-vertically-aligned-center about-column\" style=\"flex-basis:66.66%\">\n<div class=\"wp-block-columns\">\n<div class=\"wp-block-column is-vertically-aligned-center\">\n<hr class=\"wp-block-separator has-text-color has-tertiary-color has-alpha-channel-opacity has-tertiary-background-color has-background is-style-wide\"\/>\n\n\n\n<h2 class=\"wp-block-heading\" style=\"padding-top:0.6rem;padding-bottom:0.6rem;font-size:23px\">Natalia Manzana<\/h2>\n\n\n\n<hr class=\"wp-block-separator has-text-color has-tertiary-color has-alpha-channel-opacity has-tertiary-background-color has-background is-style-wide\"\/>\n<\/div>\n\n\n\n<div class=\"wp-block-column\">\n<figure class=\"wp-block-image size-full is-resized li-logo\"><a href=\"https:\/\/www.linkedin.com\/in\/natalia-manzana-concilians\/\" target=\"_blank\" rel=\"noreferrer noopener\"><img loading=\"lazy\" decoding=\"async\" width=\"70\" height=\"70\" src=\"http:\/\/concilians.com\/wp-content\/uploads\/2023\/05\/Frame.png\" alt=\"\" class=\"wp-image-314\" style=\"width:40px;height:undefinedpx\"\/><\/a><\/figure>\n<\/div>\n<\/div>\n\n\n\n<h2 class=\"wp-block-heading letter-spacing max-w-300 about-quote has-l-font-size\" style=\"padding-top:var(--wp--preset--spacing--30)\">Mediadora-Perito<br>Arquitecta-Directora<\/h2>\n<\/div>\n<\/div>\n<\/div>\n<\/div>\n<\/div><\/div><\/div>\n\n\n\n<div class=\"wp-block-group alignfull linkedin-layout has-background\" style=\"background:linear-gradient(90deg,rgb(106,135,186) 50%,rgb(212,227,148) 50%);padding-top:90px;padding-bottom:90px\"><div class=\"wp-block-group__inner-container is-layout-flow wp-block-group-is-layout-flow\"><div class=\"alignwide-wrap\" data-block=\"columns\">\n<div class=\"wp-block-columns alignwide\" style=\"padding-top:0;padding-right:0;padding-bottom:0;padding-left:0\">\n<div class=\"wp-block-column\">\n<div class=\"wp-block-columns are-vertically-aligned-center\">\n<div class=\"wp-block-column is-vertically-aligned-center\" style=\"flex-basis:33.33%\">\n<figure class=\"wp-block-image size-full thumbnail-image\"><img loading=\"lazy\" decoding=\"async\" width=\"500\" height=\"500\" src=\"https:\/\/concilians.com\/wp-content\/uploads\/2025\/12\/CONCILIANS_ANADEPAULA12724-copia.png\" alt=\"\" class=\"wp-image-2112\" srcset=\"https:\/\/concilians.com\/wp-content\/uploads\/2025\/12\/CONCILIANS_ANADEPAULA12724-copia.png 500w, https:\/\/concilians.com\/wp-content\/uploads\/2025\/12\/CONCILIANS_ANADEPAULA12724-copia-300x300.png 300w, https:\/\/concilians.com\/wp-content\/uploads\/2025\/12\/CONCILIANS_ANADEPAULA12724-copia-150x150.png 150w\" sizes=\"auto, (max-width: 500px) 100vw, 500px\" \/><\/figure>\n<\/div>\n\n\n\n<div class=\"wp-block-column is-vertically-aligned-center about-column\" style=\"flex-basis:66.66%\">\n<div class=\"wp-block-columns\">\n<div class=\"wp-block-column is-vertically-aligned-center\">\n<hr class=\"wp-block-separator has-text-color has-tertiary-color has-alpha-channel-opacity has-tertiary-background-color has-background is-style-wide\"\/>\n\n\n\n<h2 class=\"wp-block-heading\" style=\"padding-top:0.6rem;padding-bottom:0.6rem;font-size:23px\">Susanne<br>van Voorst<\/h2>\n\n\n\n<hr class=\"wp-block-separator has-text-color has-tertiary-color has-alpha-channel-opacity has-tertiary-background-color has-background is-style-wide\"\/>\n<\/div>\n\n\n\n<div class=\"wp-block-column\">\n<figure class=\"wp-block-image size-full is-resized li-logo\"><a href=\"https:\/\/www.linkedin.com\/in\/luis-cano-concilians\/\" target=\"_blank\" rel=\"noreferrer noopener\"><img loading=\"lazy\" decoding=\"async\" width=\"70\" height=\"70\" src=\"http:\/\/concilians.com\/wp-content\/uploads\/2023\/05\/Frame.png\" alt=\"\" class=\"wp-image-314\" style=\"width:40px;height:undefinedpx\"\/><\/a><\/figure>\n<\/div>\n<\/div>\n\n\n\n<h2 class=\"wp-block-heading letter-spacing max-w-300 about-quote has-l-font-size\" style=\"padding-top:var(--wp--preset--spacing--30)\">Mediadora<br>Coach<\/h2>\n<\/div>\n<\/div>\n<\/div>\n\n\n\n<div class=\"wp-block-column\" style=\"padding-top:0;padding-right:0;padding-bottom:0;padding-left:var(--wp--preset--spacing--50)\">\n<div class=\"wp-block-columns are-vertically-aligned-center\">\n<div class=\"wp-block-column is-vertically-aligned-center\" style=\"flex-basis:33.33%\">\n<figure class=\"wp-block-image size-full thumbnail-image\"><img loading=\"lazy\" decoding=\"async\" width=\"500\" height=\"500\" src=\"https:\/\/concilians.com\/wp-content\/uploads\/2025\/12\/CONCILIANS_ANADEPAULA12697-copia.png\" alt=\"\" class=\"wp-image-2107\" srcset=\"https:\/\/concilians.com\/wp-content\/uploads\/2025\/12\/CONCILIANS_ANADEPAULA12697-copia.png 500w, https:\/\/concilians.com\/wp-content\/uploads\/2025\/12\/CONCILIANS_ANADEPAULA12697-copia-300x300.png 300w, https:\/\/concilians.com\/wp-content\/uploads\/2025\/12\/CONCILIANS_ANADEPAULA12697-copia-150x150.png 150w\" sizes=\"auto, (max-width: 500px) 100vw, 500px\" \/><\/figure>\n<\/div>\n\n\n\n<div class=\"wp-block-column is-vertically-aligned-center about-column\" style=\"flex-basis:66.66%\">\n<div class=\"wp-block-columns\">\n<div class=\"wp-block-column is-vertically-aligned-center\">\n<hr class=\"wp-block-separator has-text-color has-tertiary-color has-alpha-channel-opacity has-tertiary-background-color has-background is-style-wide\"\/>\n\n\n\n<h2 class=\"wp-block-heading\" style=\"padding-top:0.6rem;padding-bottom:0.6rem;font-size:23px\">Josep P\u00e9rez<\/h2>\n\n\n\n<hr class=\"wp-block-separator has-text-color has-tertiary-color has-alpha-channel-opacity has-tertiary-background-color has-background is-style-wide\"\/>\n<\/div>\n\n\n\n<div class=\"wp-block-column\">\n<figure class=\"wp-block-image size-full is-resized li-logo\"><a href=\"https:\/\/www.linkedin.com\/in\/natalia-manzana-concilians\/\" target=\"_blank\" rel=\"noreferrer noopener\"><img loading=\"lazy\" decoding=\"async\" width=\"70\" height=\"70\" src=\"http:\/\/concilians.com\/wp-content\/uploads\/2023\/05\/Frame.png\" alt=\"\" class=\"wp-image-314\" style=\"width:40px;height:undefinedpx\"\/><\/a><\/figure>\n<\/div>\n<\/div>\n\n\n\n<h2 class=\"wp-block-heading letter-spacing max-w-300 about-quote has-l-font-size\" style=\"padding-top:var(--wp--preset--spacing--30)\">Asesor ADE<br>Manager<\/h2>\n<\/div>\n<\/div>\n<\/div>\n<\/div>\n<\/div><\/div><\/div>\n\n\n\n<div class=\"wp-block-group alignfull linkedin-layout has-background\" style=\"background:linear-gradient(270deg,rgb(107,136,187) 50%,rgb(215,227,158) 50%);padding-top:90px;padding-bottom:90px\"><div class=\"wp-block-group__inner-container is-layout-flow wp-block-group-is-layout-flow\"><div class=\"alignwide-wrap\" data-block=\"columns\">\n<div class=\"wp-block-columns alignwide\" style=\"padding-top:0;padding-right:0;padding-bottom:0;padding-left:0\">\n<div class=\"wp-block-column\">\n<div class=\"wp-block-columns are-vertically-aligned-center\">\n<div class=\"wp-block-column is-vertically-aligned-center\" style=\"flex-basis:33.33%\">\n<figure class=\"wp-block-image size-full thumbnail-image\"><img loading=\"lazy\" decoding=\"async\" width=\"500\" height=\"500\" src=\"https:\/\/concilians.com\/wp-content\/uploads\/2025\/12\/CONCILIANS_ANADEPAULA12674-1-1-copia.png\" alt=\"\" class=\"wp-image-2102\" srcset=\"https:\/\/concilians.com\/wp-content\/uploads\/2025\/12\/CONCILIANS_ANADEPAULA12674-1-1-copia.png 500w, https:\/\/concilians.com\/wp-content\/uploads\/2025\/12\/CONCILIANS_ANADEPAULA12674-1-1-copia-300x300.png 300w, https:\/\/concilians.com\/wp-content\/uploads\/2025\/12\/CONCILIANS_ANADEPAULA12674-1-1-copia-150x150.png 150w\" sizes=\"auto, (max-width: 500px) 100vw, 500px\" \/><\/figure>\n<\/div>\n\n\n\n<div class=\"wp-block-column is-vertically-aligned-center about-column\" style=\"flex-basis:66.66%\">\n<div class=\"wp-block-columns\">\n<div class=\"wp-block-column is-vertically-aligned-center\">\n<hr class=\"wp-block-separator has-text-color has-tertiary-color has-alpha-channel-opacity has-tertiary-background-color has-background is-style-wide\"\/>\n\n\n\n<h2 class=\"wp-block-heading\" style=\"padding-top:0.6rem;padding-bottom:0.6rem;font-size:23px\">Luis Cano<\/h2>\n\n\n\n<hr class=\"wp-block-separator has-text-color has-tertiary-color has-alpha-channel-opacity has-tertiary-background-color has-background is-style-wide\"\/>\n<\/div>\n\n\n\n<div class=\"wp-block-column\">\n<figure class=\"wp-block-image size-full is-resized li-logo\"><a href=\"https:\/\/www.linkedin.com\/in\/luis-cano-concilians\/\" target=\"_blank\" rel=\"noreferrer noopener\"><img loading=\"lazy\" decoding=\"async\" width=\"70\" height=\"70\" src=\"http:\/\/concilians.com\/wp-content\/uploads\/2023\/05\/Frame.png\" alt=\"\" class=\"wp-image-314\" style=\"width:40px;height:undefinedpx\"\/><\/a><\/figure>\n<\/div>\n<\/div>\n\n\n\n<h2 class=\"wp-block-heading letter-spacing max-w-300 about-quote has-l-font-size\" style=\"padding-top:var(--wp--preset--spacing--30)\">Mediador<br>Ejecutivo<\/h2>\n<\/div>\n<\/div>\n<\/div>\n\n\n\n<div class=\"wp-block-column\" style=\"padding-top:0;padding-right:0;padding-bottom:0;padding-left:var(--wp--preset--spacing--50)\"><\/div>\n<\/div>\n<\/div><\/div><\/div>\n\n\n\n<div class=\"wp-block-group alignfull has-primary-color has-tertiary-background-color has-text-color has-background\" style=\"padding-top:90px;padding-bottom:90px\"><div class=\"wp-block-group__inner-container is-layout-flow wp-block-group-is-layout-flow\"><div class=\"alignwide-wrap\" data-block=\"columns\">\n<div class=\"wp-block-columns alignwide\" style=\"padding-bottom:var(--wp--preset--spacing--40)\">\n<div class=\"wp-block-column\">\n<hr class=\"wp-block-separator has-text-color has-primary-color has-alpha-channel-opacity has-primary-background-color has-background is-style-wide\"\/>\n\n\n\n<h2 class=\"wp-block-heading\" style=\"padding-top:var(--wp--preset--spacing--30);padding-bottom:var(--wp--preset--spacing--30)\">Porque Concilians<\/h2>\n\n\n\n<hr class=\"wp-block-separator has-text-color has-primary-color has-alpha-channel-opacity has-primary-background-color has-background is-style-wide\"\/>\n<\/div>\n\n\n\n<div class=\"wp-block-column\"><\/div>\n<\/div>\n<\/div>\n\n<div class=\"alignwide-wrap\" data-block=\"columns\">\n<div class=\"wp-block-columns alignwide are-vertically-aligned-top is-style-default\" style=\"padding-top:0;padding-right:0;padding-bottom:0;padding-left:0\">\n<div class=\"wp-block-column is-vertically-aligned-top is-style-default\">\n<h2 class=\"wp-block-heading has-heading-4-font-size\" style=\"padding-top:var(--wp--preset--spacing--30);padding-bottom:var(--wp--preset--spacing--30)\">es innovaci\u00f3n<\/h2>\n\n\n\n<p class=\"letter-spacing font-weight-300\" style=\"padding-bottom:var(--wp--preset--spacing--30)\">Proponemos nuevas t\u00e9cnicas, seg\u00fan las necesidades de cada caso. Apostamos por el talento y por los nuevos agentes mediadores y conciliadores que se puedan SUMAR en cada momento.  Nuestra experiencia nos permite establecer conexiones con otros profesionales del sector.<\/p>\n\n\n\n<div style=\"height:52px\" aria-hidden=\"true\" class=\"wp-block-spacer\"><\/div>\n\n\n\n<hr class=\"wp-block-separator has-text-color has-primary-color has-alpha-channel-opacity has-primary-background-color has-background is-style-wide\"\/>\n<\/div>\n\n\n\n<div class=\"wp-block-column is-vertically-aligned-top\">\n<h2 class=\"wp-block-heading has-heading-4-font-size\" style=\"padding-top:var(--wp--preset--spacing--30);padding-bottom:var(--wp--preset--spacing--30)\">es internacional<\/h2>\n\n\n\n<p class=\"letter-spacing font-weight-300\" style=\"padding-bottom:var(--wp--preset--spacing--30)\">No nos ponemos l\u00edmites. Nuestro recorrido profesional nos facilita la posibilidad de hacer frente a las controversias en todo el mundo, proponiendo soluciones en \u00e1mbitos, culturas y sectores muy diferentes.<br>Es por ello por lo que el mercado internacional forma parte de Concilians.<\/p>\n\n\n\n<hr class=\"wp-block-separator has-text-color has-primary-color has-alpha-channel-opacity has-primary-background-color has-background is-style-wide\"\/>\n<\/div>\n<\/div>\n<\/div>\n\n<div class=\"alignwide-wrap\" data-block=\"columns\">\n<div class=\"wp-block-columns alignwide are-vertically-aligned-top is-style-default\" style=\"padding-top:0;padding-right:0;padding-bottom:0;padding-left:0\">\n<div class=\"wp-block-column is-vertically-aligned-top is-style-default\">\n<h2 class=\"wp-block-heading has-heading-4-font-size\" style=\"padding-top:var(--wp--preset--spacing--40);padding-bottom:var(--wp--preset--spacing--30)\">es experiencia<\/h2>\n\n\n\n<p class=\"letter-spacing font-weight-300\" style=\"padding-bottom:var(--wp--preset--spacing--30)\">Sumamos muchos a\u00f1os de experiencia en puestos ejecutivos, directivos y de management en compa\u00f1\u00edas de distintos sectores, tama\u00f1os y regiones del mundo.<\/p>\n\n\n\n<div style=\"height:130px\" aria-hidden=\"true\" class=\"wp-block-spacer\"><\/div>\n\n\n\n<hr class=\"wp-block-separator has-text-color has-primary-color has-alpha-channel-opacity has-primary-background-color has-background is-style-wide\"\/>\n<\/div>\n\n\n\n<div class=\"wp-block-column is-vertically-aligned-top\">\n<h2 class=\"wp-block-heading has-heading-4-font-size\" style=\"padding-top:var(--wp--preset--spacing--40);padding-bottom:var(--wp--preset--spacing--30)\">es pluralidad<\/h2>\n\n\n\n<p class=\"letter-spacing font-weight-300\" style=\"padding-bottom:var(--wp--preset--spacing--30)\">Proponemos distintas metodolog\u00edas para adecuar nuestra intervenci\u00f3n a cada organizaci\u00f3n y al del tipo de controversias. Tenemos una visi\u00f3n transversal y enriquecedora a la hora de afrontar las distintas problem\u00e1ticas que se generan en el mundo de los negocios.<br>Por ello, somos capaces de adaptarnos a cada cliente y proyecto, aportando ideas innovadoras y brindando soluciones flexibles y personalizadas.<\/p>\n\n\n\n<hr class=\"wp-block-separator has-text-color has-primary-color has-alpha-channel-opacity has-primary-background-color has-background is-style-wide\"\/>\n<\/div>\n<\/div>\n<\/div>\n\n<div class=\"alignwide-wrap\" data-block=\"columns\">\n<div class=\"wp-block-columns alignwide are-vertically-aligned-top is-style-default\" style=\"padding-top:0;padding-right:0;padding-bottom:0;padding-left:0\">\n<div class=\"wp-block-column is-vertically-aligned-top is-style-default\">\n<h2 class=\"wp-block-heading has-heading-4-font-size\" style=\"padding-top:var(--wp--preset--spacing--40);padding-bottom:var(--wp--preset--spacing--30)\">es proximidad<\/h2>\n\n\n\n<p class=\"letter-spacing font-weight-300\" style=\"padding-bottom:var(--wp--preset--spacing--30)\">&#8216;De t\u00fa a t\u00fa&#8217;. En Concilians te acompa\u00f1amos durante todo el proceso, vamos all\u00ed donde est\u00e9s para escucharte y ayudarte.<\/p>\n\n\n\n<hr class=\"wp-block-separator has-text-color has-primary-color has-alpha-channel-opacity has-primary-background-color has-background is-style-wide\"\/>\n<\/div>\n\n\n\n<div class=\"wp-block-column is-vertically-aligned-top is-style-default height-100 margin-top-auto\" style=\"padding-top:var(--wp--preset--spacing--30)\">\n<div class=\"wp-block-buttons is-content-justification-right is-layout-flex wp-container-core-buttons-is-layout-e6df00e8 wp-block-buttons-is-layout-flex\">\n<div class=\"wp-block-button has-custom-width wp-block-button__width-75 is-style-fill\"><a class=\"wp-block-button__link has-tertiary-color has-primary-background-color has-text-color has-background has-custom-font-size wp-element-button\" href=\"https:\/\/concilians.com\/es\/contacto\/\" style=\"border-radius:500px;padding-top:var(--wp--preset--spacing--40);padding-right:var(--wp--preset--spacing--40);padding-bottom:var(--wp--preset--spacing--40);padding-left:var(--wp--preset--spacing--40);font-size:16px\">\u00bfCooperamos juntos?<\/a><\/div>\n<\/div>\n<\/div>\n<\/div>\n<\/div><\/div><\/div>\n\n\n\n<div class=\"wp-block-group alignfull has-secondary-background-color has-background\" style=\"padding-top:90px;padding-bottom:90px\"><div class=\"wp-block-group__inner-container is-layout-constrained wp-block-group-is-layout-constrained\"><div class=\"alignwide-wrap\" data-block=\"columns\">\n<div class=\"wp-block-columns alignwide\">\n<div class=\"wp-block-column\">\n<h2 class=\"wp-block-heading\">\u00bfT\u00fa tambi\u00e9n<br>quieres hacer CO?<br>\u00a1COoperemos juntos!<\/h2>\n<\/div>\n\n\n\n<div class=\"wp-block-column\">\n<p class=\"font-weight-300 letter-spacing max-w-500\">Una propuesta en crecimiento, donde no s\u00f3lo nosotros tenemos cabida. <\/p>\n\n\n\n<p class=\"font-weight-300 letter-spacing max-w-500\">Apostamos por el talento y por los nuevos agentes mediadores y conciliadores que se puedan SUMAR en cada proyecto.<\/p>\n\n\n\n<div style=\"height:140px\" aria-hidden=\"true\" class=\"wp-block-spacer\"><\/div>\n\n\n\n<div class=\"wp-block-buttons has-custom-font-size has-m-font-size is-horizontal is-content-justification-left is-nowrap is-layout-flex wp-container-core-buttons-is-layout-8e8a235c wp-block-buttons-is-layout-flex\">\n<div class=\"wp-block-button has-custom-width wp-block-button__width-50 is-style-fill\"><a class=\"wp-block-button__link has-tertiary-color has-gray-100-background-color has-text-color has-background has-text-align-center has-custom-font-size wp-element-button\" href=\"https:\/\/concilians.com\/es\/contacto\/\" style=\"border-radius:500px;padding-top:var(--wp--preset--spacing--40);padding-right:var(--wp--preset--spacing--40);padding-bottom:var(--wp--preset--spacing--40);padding-left:var(--wp--preset--spacing--40);font-size:16px\">Contacta con nosotros<\/a><\/div>\n<\/div>\n<\/div>\n<\/div>\n<\/div><\/div><\/div>\n","protected":false},"excerpt":{"rendered":"<div class=\"entry-summary\">\nSocios fundadores de ConciliansNat\u00e0lia y Luis La mediaci\u00f3n ha estado en el centrode nuestras carreras profesionales &#8216;Somos un equipo de profesionales provenientes de sectores diferentes, inherentes al mundo de la empresa. Compartimos&hellip;\n<\/div>\n<div class=\"link-more-container\"><a href=\"https:\/\/concilians.com\/es\/nosotros\/\" class=\"link-more button\" aria-label=\"Continue reading Nosotros\">Continue reading&hellip;<\/a><\/div>\n","protected":false},"author":1,"featured_media":0,"parent":0,"menu_order":14,"comment_status":"closed","ping_status":"closed","template":"","meta":{"footnotes":""},"class_list":["post-734","page","type-page","status-publish","hentry","entry","entry-type-page"],"yoast_head":"<!-- This site is optimized with the Yoast SEO plugin v21.2 - https:\/\/yoast.com\/wordpress\/plugins\/seo\/ -->\n<title>Nosotros - Concilians<\/title>\n<meta name=\"robots\" content=\"index, follow, max-snippet:-1, max-image-preview:large, max-video-preview:-1\" \/>\n<link rel=\"canonical\" href=\"https:\/\/concilians.com\/es\/nosotros\/\" \/>\n<meta property=\"og:locale\" content=\"es_ES\" \/>\n<meta property=\"og:type\" content=\"article\" \/>\n<meta property=\"og:title\" content=\"Nosotros - Concilians\" \/>\n<meta property=\"og:description\" content=\"Socios fundadores de ConciliansNat\u00e0lia y Luis La mediaci\u00f3n ha estado en el centrode nuestras carreras profesionales &#8216;Somos un equipo de profesionales provenientes de sectores diferentes, inherentes al mundo de la empresa. Compartimos&hellip; Continue reading&hellip;\" \/>\n<meta property=\"og:url\" content=\"https:\/\/concilians.com\/es\/nosotros\/\" \/>\n<meta property=\"og:site_name\" content=\"Concilians\" \/>\n<meta property=\"article:modified_time\" content=\"2025-12-12T14:54:27+00:00\" \/>\n<meta property=\"og:image\" content=\"https:\/\/concilians.com\/wp-content\/uploads\/2024\/10\/zebras-1.jpg\" \/>\n<meta name=\"twitter:card\" content=\"summary_large_image\" \/>\n<meta name=\"twitter:label1\" content=\"Tiempo de lectura\" \/>\n\t<meta name=\"twitter:data1\" content=\"4 minutos\" \/>\n<script type=\"application\/ld+json\" class=\"yoast-schema-graph\">{\"@context\":\"https:\/\/schema.org\",\"@graph\":[{\"@type\":\"WebPage\",\"@id\":\"https:\/\/concilians.com\/es\/nosotros\/\",\"url\":\"https:\/\/concilians.com\/es\/nosotros\/\",\"name\":\"Nosotros - Concilians\",\"isPartOf\":{\"@id\":\"https:\/\/concilians.com\/es\/#website\"},\"datePublished\":\"2023-05-25T07:12:41+00:00\",\"dateModified\":\"2025-12-12T14:54:27+00:00\",\"breadcrumb\":{\"@id\":\"https:\/\/concilians.com\/es\/nosotros\/#breadcrumb\"},\"inLanguage\":\"es\",\"potentialAction\":[{\"@type\":\"ReadAction\",\"target\":[\"https:\/\/concilians.com\/es\/nosotros\/\"]}]},{\"@type\":\"BreadcrumbList\",\"@id\":\"https:\/\/concilians.com\/es\/nosotros\/#breadcrumb\",\"itemListElement\":[{\"@type\":\"ListItem\",\"position\":1,\"name\":\"Inici\",\"item\":\"https:\/\/concilians.com\/es\/\"},{\"@type\":\"ListItem\",\"position\":2,\"name\":\"Nosotros\"}]},{\"@type\":\"WebSite\",\"@id\":\"https:\/\/concilians.com\/es\/#website\",\"url\":\"https:\/\/concilians.com\/es\/\",\"name\":\"Concilians\",\"description\":\"\",\"publisher\":{\"@id\":\"https:\/\/concilians.com\/es\/#organization\"},\"potentialAction\":[{\"@type\":\"SearchAction\",\"target\":{\"@type\":\"EntryPoint\",\"urlTemplate\":\"https:\/\/concilians.com\/es\/?s={search_term_string}\"},\"query-input\":\"required name=search_term_string\"}],\"inLanguage\":\"es\"},{\"@type\":\"Organization\",\"@id\":\"https:\/\/concilians.com\/es\/#organization\",\"name\":\"Concilians\",\"url\":\"https:\/\/concilians.com\/es\/\",\"logo\":{\"@type\":\"ImageObject\",\"inLanguage\":\"es\",\"@id\":\"https:\/\/concilians.com\/es\/#\/schema\/logo\/image\/\",\"url\":\"https:\/\/concilians.com\/wp-content\/uploads\/2023\/05\/Group-2.png\",\"contentUrl\":\"https:\/\/concilians.com\/wp-content\/uploads\/2023\/05\/Group-2.png\",\"width\":484,\"height\":86,\"caption\":\"Concilians\"},\"image\":{\"@id\":\"https:\/\/concilians.com\/es\/#\/schema\/logo\/image\/\"}}]}<\/script>\n<!-- \/ Yoast SEO plugin. -->","yoast_head_json":{"title":"Nosotros - Concilians","robots":{"index":"index","follow":"follow","max-snippet":"max-snippet:-1","max-image-preview":"max-image-preview:large","max-video-preview":"max-video-preview:-1"},"canonical":"https:\/\/concilians.com\/es\/nosotros\/","og_locale":"es_ES","og_type":"article","og_title":"Nosotros - Concilians","og_description":"Socios fundadores de ConciliansNat\u00e0lia y Luis La mediaci\u00f3n ha estado en el centrode nuestras carreras profesionales &#8216;Somos un equipo de profesionales provenientes de sectores diferentes, inherentes al mundo de la empresa. Compartimos&hellip; Continue reading&hellip;","og_url":"https:\/\/concilians.com\/es\/nosotros\/","og_site_name":"Concilians","article_modified_time":"2025-12-12T14:54:27+00:00","og_image":[{"url":"https:\/\/concilians.com\/wp-content\/uploads\/2024\/10\/zebras-1.jpg"}],"twitter_card":"summary_large_image","twitter_misc":{"Tiempo de lectura":"4 minutos"},"schema":{"@context":"https:\/\/schema.org","@graph":[{"@type":"WebPage","@id":"https:\/\/concilians.com\/es\/nosotros\/","url":"https:\/\/concilians.com\/es\/nosotros\/","name":"Nosotros - Concilians","isPartOf":{"@id":"https:\/\/concilians.com\/es\/#website"},"datePublished":"2023-05-25T07:12:41+00:00","dateModified":"2025-12-12T14:54:27+00:00","breadcrumb":{"@id":"https:\/\/concilians.com\/es\/nosotros\/#breadcrumb"},"inLanguage":"es","potentialAction":[{"@type":"ReadAction","target":["https:\/\/concilians.com\/es\/nosotros\/"]}]},{"@type":"BreadcrumbList","@id":"https:\/\/concilians.com\/es\/nosotros\/#breadcrumb","itemListElement":[{"@type":"ListItem","position":1,"name":"Inici","item":"https:\/\/concilians.com\/es\/"},{"@type":"ListItem","position":2,"name":"Nosotros"}]},{"@type":"WebSite","@id":"https:\/\/concilians.com\/es\/#website","url":"https:\/\/concilians.com\/es\/","name":"Concilians","description":"","publisher":{"@id":"https:\/\/concilians.com\/es\/#organization"},"potentialAction":[{"@type":"SearchAction","target":{"@type":"EntryPoint","urlTemplate":"https:\/\/concilians.com\/es\/?s={search_term_string}"},"query-input":"required name=search_term_string"}],"inLanguage":"es"},{"@type":"Organization","@id":"https:\/\/concilians.com\/es\/#organization","name":"Concilians","url":"https:\/\/concilians.com\/es\/","logo":{"@type":"ImageObject","inLanguage":"es","@id":"https:\/\/concilians.com\/es\/#\/schema\/logo\/image\/","url":"https:\/\/concilians.com\/wp-content\/uploads\/2023\/05\/Group-2.png","contentUrl":"https:\/\/concilians.com\/wp-content\/uploads\/2023\/05\/Group-2.png","width":484,"height":86,"caption":"Concilians"},"image":{"@id":"https:\/\/concilians.com\/es\/#\/schema\/logo\/image\/"}}]}},"_links":{"self":[{"href":"https:\/\/concilians.com\/es\/wp-json\/wp\/v2\/pages\/734","targetHints":{"allow":["GET"]}}],"collection":[{"href":"https:\/\/concilians.com\/es\/wp-json\/wp\/v2\/pages"}],"about":[{"href":"https:\/\/concilians.com\/es\/wp-json\/wp\/v2\/types\/page"}],"author":[{"embeddable":true,"href":"https:\/\/concilians.com\/es\/wp-json\/wp\/v2\/users\/1"}],"replies":[{"embeddable":true,"href":"https:\/\/concilians.com\/es\/wp-json\/wp\/v2\/comments?post=734"}],"version-history":[{"count":39,"href":"https:\/\/concilians.com\/es\/wp-json\/wp\/v2\/pages\/734\/revisions"}],"predecessor-version":[{"id":2134,"href":"https:\/\/concilians.com\/es\/wp-json\/wp\/v2\/pages\/734\/revisions\/2134"}],"wp:attachment":[{"href":"https:\/\/concilians.com\/es\/wp-json\/wp\/v2\/media?parent=734"}],"curies":[{"name":"wp","href":"https:\/\/api.w.org\/{rel}","templated":true}]}}